{"id":35,"date":"2025-09-24T12:06:23","date_gmt":"2025-09-24T12:06:23","guid":{"rendered":"http:\/\/lesartb.cluster021.hosting.ovh.net\/?page_id=35"},"modified":"2026-01-22T11:18:55","modified_gmt":"2026-01-22T10:18:55","slug":"origine","status":"publish","type":"page","link":"https:\/\/www.lesartistesalpicois.com\/index.php\/origine\/","title":{"rendered":"Origines"},"content":{"rendered":"\n<p><strong>Historique et activit\u00e9s de l\u2019association<\/strong><\/p>\n\n\n\n<p><strong>Origine et fondation<\/strong><\/p>\n\n\n\n<p>L\u2019association des Artistes Alpicois a \u00e9t\u00e9 initialement fond\u00e9e sous le nom de \u00ab\u00a0Cercle des Artistes Alpicois\u00a0\u00bb, suite au succ\u00e8s de la toute premi\u00e8re exposition en novembre 1970 s\u2019\u00e9tant tenue \u00e0 la salle paroissiale du Pecq, gr\u00e2ce au soutien conjoint de l\u2019abb\u00e9 Porcaro et de Pierre R\u00e9gis, maire du Pecq.<\/p>\n\n\n\n<p>17 jeunes, men\u00e9s par Jean-Pierre Godineau, exposent une 60aines d\u2019oeuvres sur des panneaux \u00e9lectoraux en bois recouverts de toile, sous un \u00e9clairages de fortune, mais d\u00e9j\u00e0 empreints de passion et de cr\u00e9ativit\u00e9.<\/p>\n\n\n\n<p class=\"has-text-align-right\"><strong>Les pr\u00e9sidents et la continuit\u00e9<\/strong><\/p>\n\n\n\n<p class=\"has-text-align-right\">Depuis sa cr\u00e9ation, plusieurs pr\u00e9sidents se sont succ\u00e9d\u00e9s, chacun apportant sa personnalit\u00e9 et ses comp\u00e9tences, permettant \u00e0 l\u2019association de se maintenir vivante et de se renouveler. Chaque mandat ayant marqu\u00e9 une nouvelle impulsion pour le d\u00e9veloppement des activit\u00e9s artistiques de la ville.<\/p>\n\n\n\n<figure class=\"wp-block-image size-full is-resized\"><img loading=\"lazy\" decoding=\"async\" width=\"335\" height=\"335\" src=\"https:\/\/www.lesartistesalpicois.com\/wp-content\/uploads\/2025\/11\/Capture-decran-2025-11-17-a-16.54.40-edited.png\" alt=\"\" class=\"wp-image-100\" style=\"aspect-ratio:1;object-fit:cover;width:300px\" srcset=\"https:\/\/www.lesartistesalpicois.com\/wp-content\/uploads\/2025\/11\/Capture-decran-2025-11-17-a-16.54.40-edited.png 335w, https:\/\/www.lesartistesalpicois.com\/wp-content\/uploads\/2025\/11\/Capture-decran-2025-11-17-a-16.54.40-edited-300x300.png 300w, https:\/\/www.lesartistesalpicois.com\/wp-content\/uploads\/2025\/11\/Capture-decran-2025-11-17-a-16.54.40-edited-150x150.png 150w\" sizes=\"auto, (max-width: 335px) 100vw, 335px\" \/><\/figure>\n\n\n\n<p class=\"has-text-align-right\">Jean-Pierre Godineau &#8211; de 1972 \u00e0 1978<\/p>\n\n\n\n<figure class=\"wp-block-image size-large is-resized\"><img loading=\"lazy\" decoding=\"async\" width=\"1243\" height=\"829\" src=\"https:\/\/www.lesartistesalpicois.com\/wp-content\/uploads\/2026\/01\/ChatGPT-Image-17-janv.-2026-07_28_08-edited.png\" alt=\"\" class=\"wp-image-134\" style=\"object-fit:cover;width:300px;height:300px\" srcset=\"https:\/\/www.lesartistesalpicois.com\/wp-content\/uploads\/2026\/01\/ChatGPT-Image-17-janv.-2026-07_28_08-edited.png 1243w, https:\/\/www.lesartistesalpicois.com\/wp-content\/uploads\/2026\/01\/ChatGPT-Image-17-janv.-2026-07_28_08-edited-300x200.png 300w, https:\/\/www.lesartistesalpicois.com\/wp-content\/uploads\/2026\/01\/ChatGPT-Image-17-janv.-2026-07_28_08-edited-1024x683.png 1024w, https:\/\/www.lesartistesalpicois.com\/wp-content\/uploads\/2026\/01\/ChatGPT-Image-17-janv.-2026-07_28_08-edited-768x512.png 768w, https:\/\/www.lesartistesalpicois.com\/wp-content\/uploads\/2026\/01\/ChatGPT-Image-17-janv.-2026-07_28_08-edited-1170x780.png 1170w\" sizes=\"auto, (max-width: 1243px) 100vw, 1243px\" \/><\/figure>\n\n\n\n<p class=\"has-text-align-right\">Julien Miallon &#8211; de 1978 \u00e0 1995<\/p>\n\n\n\n<figure class=\"wp-block-image size-medium is-resized\"><img loading=\"lazy\" decoding=\"async\" width=\"439\" height=\"439\" src=\"https:\/\/www.lesartistesalpicois.com\/wp-content\/uploads\/2025\/11\/1967964519029324441-1-edited-1.jpg\" alt=\"\" class=\"wp-image-92\" style=\"aspect-ratio:1;object-fit:cover;width:300px\" srcset=\"https:\/\/www.lesartistesalpicois.com\/wp-content\/uploads\/2025\/11\/1967964519029324441-1-edited-1.jpg 439w, https:\/\/www.lesartistesalpicois.com\/wp-content\/uploads\/2025\/11\/1967964519029324441-1-edited-1-300x300.jpg 300w, https:\/\/www.lesartistesalpicois.com\/wp-content\/uploads\/2025\/11\/1967964519029324441-1-edited-1-150x150.jpg 150w\" sizes=\"auto, (max-width: 439px) 100vw, 439px\" \/><\/figure>\n\n\n\n<p class=\"has-text-align-right\">Michel Bonduelle &#8211; de 1996 \u00e0 2002<\/p>\n\n\n\n<figure class=\"wp-block-image size-large is-resized\"><img loading=\"lazy\" decoding=\"async\" width=\"588\" height=\"588\" src=\"https:\/\/www.lesartistesalpicois.com\/wp-content\/uploads\/2025\/11\/2381926605753532797-edited-1.jpg\" alt=\"\" class=\"wp-image-93\" style=\"aspect-ratio:1;object-fit:cover;width:300px\" srcset=\"https:\/\/www.lesartistesalpicois.com\/wp-content\/uploads\/2025\/11\/2381926605753532797-edited-1.jpg 588w, https:\/\/www.lesartistesalpicois.com\/wp-content\/uploads\/2025\/11\/2381926605753532797-edited-1-300x300.jpg 300w, https:\/\/www.lesartistesalpicois.com\/wp-content\/uploads\/2025\/11\/2381926605753532797-edited-1-150x150.jpg 150w\" sizes=\"auto, (max-width: 588px) 100vw, 588px\" \/><\/figure>\n\n\n\n<p class=\"has-text-align-right\">Romain Lesot &#8211; de 2002 \u00e0 2014<\/p>\n\n\n\n<figure class=\"wp-block-image size-full is-resized\"><img loading=\"lazy\" decoding=\"async\" width=\"480\" height=\"640\" src=\"https:\/\/www.lesartistesalpicois.com\/wp-content\/uploads\/2025\/12\/IMG_1772-rotated.jpg\" alt=\"\" class=\"wp-image-120\" style=\"object-fit:cover;width:300px;height:300px\" srcset=\"https:\/\/www.lesartistesalpicois.com\/wp-content\/uploads\/2025\/12\/IMG_1772-rotated.jpg 480w, https:\/\/www.lesartistesalpicois.com\/wp-content\/uploads\/2025\/12\/IMG_1772-225x300.jpg 225w\" sizes=\"auto, (max-width: 480px) 100vw, 480px\" \/><\/figure>\n\n\n\n<p class=\"has-text-align-right\">Jean Le Puil &#8211; de 2015 \u00e0 2019<\/p>\n\n\n\n<figure class=\"wp-block-image size-full is-resized\"><img loading=\"lazy\" decoding=\"async\" width=\"224\" height=\"224\" src=\"https:\/\/www.lesartistesalpicois.com\/wp-content\/uploads\/2025\/11\/IMG_20251113_081249-edited-2.jpg\" alt=\"\" class=\"wp-image-101\" style=\"aspect-ratio:1;object-fit:cover;width:300px\" srcset=\"https:\/\/www.lesartistesalpicois.com\/wp-content\/uploads\/2025\/11\/IMG_20251113_081249-edited-2.jpg 224w, https:\/\/www.lesartistesalpicois.com\/wp-content\/uploads\/2025\/11\/IMG_20251113_081249-edited-2-150x150.jpg 150w\" sizes=\"auto, (max-width: 224px) 100vw, 224px\" \/><\/figure>\n\n\n\n<p class=\"has-text-align-right\">Didier Schmitz &#8211; de 2020 \u00e0 actuellement<\/p>\n\n\n\n<p><strong>Expositions et salons<\/strong><\/p>\n\n\n\n<p>&#8211; L\u2019association organise chaque ann\u00e9e le Salon des Arts du Pecq, devenu l\u2019un des rendez-vous culturels phares de la ville.<\/p>\n\n\n\n<p>&#8211; Des artistes de renom y ont parfois \u00e9t\u00e9 invit\u00e9s d\u2019honneur, comme le verrier Th\u00e9odore Hansen, Tran Van Tai, Pierre Raynaud, Jacques Coquillay, Toutounov et Anne-Marie Volodos, aux c\u00f4t\u00e9s de nombreux peintres et sculpteurs locaux.<\/p>\n\n\n\n<p>&#8211; Les salons se sont tenus dans divers lieux embl\u00e9matiques : H\u00f4tel de Ville, Quai 3, Espace Wilson, Salle des F\u00eates, parfois accompagn\u00e9s de fresques collectives ou de panneaux comm\u00e9moratifs.<\/p>\n\n\n\n<p class=\"has-text-align-right\"><strong>Jumelages et ouverture internationale<\/strong><\/p>\n\n\n\n<p class=\"has-text-align-right\">L\u2019association a d\u00e9velopp\u00e9 des \u00e9changes culturels avec plusieurs villes jumel\u00e9es :<\/p>\n\n\n\n<p class=\"has-text-align-right\">&#8211; Aranjuez (Espagne)<\/p>\n\n\n\n<p class=\"has-text-align-right\">&#8211; Barnes (Angleterre)<\/p>\n\n\n\n<p class=\"has-text-align-right\">&#8211; Hennef (Allemagne)<\/p>\n\n\n\n<p class=\"has-text-align-right\">&#8211; Boston (\u00c9tats-Unis)<\/p>\n\n\n\n<p class=\"has-text-align-right\">Ces partenariats ont permis d\u2019organiser des expositions crois\u00e9es et d\u2019accueillir des artistes \u00e9trangers au Pecq.<\/p>\n\n\n\n<p class=\"has-text-align-left\"><strong>Vie collective et ateliers&nbsp;<\/strong><\/p>\n\n\n\n<p>&#8211; L\u2019association anime un atelier partag\u00e9 du lundi apr\u00e8s-midi, ouvert aux membres pour peindre ensemble, \u00e9changer des techniques et progresser collectivement.- Des projets collectifs ont vu le jour : fresques, compositions d\u00e9coratives et comm\u00e9moratives, souvent en lien avec des \u00e9v\u00e9nements de la ville.<\/p>\n\n\n\n<p>&#8211; Les \u00e9coles locales ont aussi \u00e9t\u00e9 associ\u00e9es, permettant aux \u00e9l\u00e8ves de d\u00e9couvrir l\u2019art et de pr\u00e9senter leurs \u0153uvres lors de certaines \u00e9ditions.<\/p>\n\n\n\n<p><strong>Temps forts de l&rsquo;association<\/strong><\/p>\n\n\n\n<p>&#8211; 1970 : 1er salon des arts du Pecq<\/p>\n\n\n\n<p>&#8211; 1996 : changement de nom pour : l\u2019Association des Artistes Alpicois<\/p>\n\n\n\n<p>&#8211; 2000 \u2013 2004 : expositions internationales et \u00e9changes avec Boston et Hennef.<\/p>\n\n\n\n<p>&#8211; 2007 : inauguration de la fresque \u00ab&nbsp;1837 arriv\u00e9e du train au Pecq&nbsp;\u00bb \u00e0 l\u2019Espace Wilson, r\u00e9alis\u00e9e par les membres de l\u2019association.<\/p>\n\n\n\n<figure class=\"wp-block-image size-full\"><img loading=\"lazy\" decoding=\"async\" width=\"2038\" height=\"774\" src=\"https:\/\/www.lesartistesalpicois.com\/wp-content\/uploads\/2025\/12\/Fresque-Le-Pecq-Pole-Wilson.jpeg\" alt=\"\" class=\"wp-image-114\" srcset=\"https:\/\/www.lesartistesalpicois.com\/wp-content\/uploads\/2025\/12\/Fresque-Le-Pecq-Pole-Wilson.jpeg 2038w, https:\/\/www.lesartistesalpicois.com\/wp-content\/uploads\/2025\/12\/Fresque-Le-Pecq-Pole-Wilson-300x114.jpeg 300w, https:\/\/www.lesartistesalpicois.com\/wp-content\/uploads\/2025\/12\/Fresque-Le-Pecq-Pole-Wilson-1024x389.jpeg 1024w, https:\/\/www.lesartistesalpicois.com\/wp-content\/uploads\/2025\/12\/Fresque-Le-Pecq-Pole-Wilson-768x292.jpeg 768w, https:\/\/www.lesartistesalpicois.com\/wp-content\/uploads\/2025\/12\/Fresque-Le-Pecq-Pole-Wilson-1536x583.jpeg 1536w, https:\/\/www.lesartistesalpicois.com\/wp-content\/uploads\/2025\/12\/Fresque-Le-Pecq-Pole-Wilson-1170x444.jpeg 1170w\" sizes=\"auto, (max-width: 2038px) 100vw, 2038px\" \/><\/figure>\n\n\n\n<p>&#8211; 2014 : inauguration de la fresque \u00ab&nbsp;l\u2019eau&nbsp;\u00bb dans le hall de l\u2019\u00e9cole F\u00e9lix Ebou\u00e9<\/p>\n\n\n\n<figure class=\"wp-block-image size-large\"><img loading=\"lazy\" decoding=\"async\" width=\"1024\" height=\"319\" src=\"https:\/\/www.lesartistesalpicois.com\/wp-content\/uploads\/2025\/12\/Fresque-Le-Pecq-Felix-EbouE-1-1024x319.jpeg\" alt=\"\" class=\"wp-image-118\" srcset=\"https:\/\/www.lesartistesalpicois.com\/wp-content\/uploads\/2025\/12\/Fresque-Le-Pecq-Felix-EbouE-1-1024x319.jpeg 1024w, https:\/\/www.lesartistesalpicois.com\/wp-content\/uploads\/2025\/12\/Fresque-Le-Pecq-Felix-EbouE-1-300x93.jpeg 300w, https:\/\/www.lesartistesalpicois.com\/wp-content\/uploads\/2025\/12\/Fresque-Le-Pecq-Felix-EbouE-1-768x239.jpeg 768w, https:\/\/www.lesartistesalpicois.com\/wp-content\/uploads\/2025\/12\/Fresque-Le-Pecq-Felix-EbouE-1-1536x478.jpeg 1536w, https:\/\/www.lesartistesalpicois.com\/wp-content\/uploads\/2025\/12\/Fresque-Le-Pecq-Felix-EbouE-1-2048x637.jpeg 2048w, https:\/\/www.lesartistesalpicois.com\/wp-content\/uploads\/2025\/12\/Fresque-Le-Pecq-Felix-EbouE-1-1170x364.jpeg 1170w\" sizes=\"auto, (max-width: 1024px) 100vw, 1024px\" \/><\/figure>\n\n\n\n<p>&#8211; 2020 : le Salon des Arts a r\u00e9affirm\u00e9 la vitalit\u00e9 de l\u2019association malgr\u00e9 les contraintes sanitaires.<\/p>\n\n\n\n<p><\/p>\n","protected":false},"excerpt":{"rendered":"<p>Historique et activit\u00e9s de l\u2019association Origine et fondation L\u2019association des Artistes Alpicois a \u00e9t\u00e9 initialement fond\u00e9e sous le nom de \u00ab\u00a0Cercle des Artistes Alpicois\u00a0\u00bb, suite au succ\u00e8s de la toute premi\u00e8re exposition en novembre 1970 s\u2019\u00e9tant tenue \u00e0 la salle paroissiale du Pecq, gr\u00e2ce au soutien conjoint de l\u2019abb\u00e9 Porcaro et de Pierre R\u00e9gis, maire [&hellip;]<\/p>\n","protected":false},"author":1,"featured_media":0,"parent":0,"menu_order":0,"comment_status":"closed","ping_status":"closed","template":"","meta":{"footnotes":""},"class_list":["post-35","page","type-page","status-publish","hentry"],"_links":{"self":[{"href":"https:\/\/www.lesartistesalpicois.com\/index.php\/wp-json\/wp\/v2\/pages\/35","targetHints":{"allow":["GET"]}}],"collection":[{"href":"https:\/\/www.lesartistesalpicois.com\/index.php\/wp-json\/wp\/v2\/pages"}],"about":[{"href":"https:\/\/www.lesartistesalpicois.com\/index.php\/wp-json\/wp\/v2\/types\/page"}],"author":[{"embeddable":true,"href":"https:\/\/www.lesartistesalpicois.com\/index.php\/wp-json\/wp\/v2\/users\/1"}],"replies":[{"embeddable":true,"href":"https:\/\/www.lesartistesalpicois.com\/index.php\/wp-json\/wp\/v2\/comments?post=35"}],"version-history":[{"count":15,"href":"https:\/\/www.lesartistesalpicois.com\/index.php\/wp-json\/wp\/v2\/pages\/35\/revisions"}],"predecessor-version":[{"id":146,"href":"https:\/\/www.lesartistesalpicois.com\/index.php\/wp-json\/wp\/v2\/pages\/35\/revisions\/146"}],"wp:attachment":[{"href":"https:\/\/www.lesartistesalpicois.com\/index.php\/wp-json\/wp\/v2\/media?parent=35"}],"curies":[{"name":"wp","href":"https:\/\/api.w.org\/{rel}","templated":true}]}}